{"id":24349,"date":"2025-09-26T12:09:56","date_gmt":"2025-09-26T10:09:56","guid":{"rendered":"https:\/\/buenartevisual.com\/colegiotalavera\/?page_id=24349"},"modified":"2025-09-26T12:23:59","modified_gmt":"2025-09-26T10:23:59","slug":"pastoral","status":"publish","type":"page","link":"https:\/\/buenartevisual.com\/colegiotalavera\/pastoral\/","title":{"rendered":"Pastoral"},"content":{"rendered":"\t\t<div data-elementor-type=\"wp-page\" data-elementor-id=\"24349\" class=\"elementor elementor-24349\">\n\t\t\t\t\t\t\t<div class=\" elementor-element elementor-element-4d2520f e-flex e-con-boxed e-con e-parent\" data-id=\"4d2520f\" data-element_type=\"container\">\r\n\t\t\t\t\t\t\t<div class=\"e-con-inner\">\r\n\t\t\t\t\t\t\t<div class=\" elementor-element elementor-element-14daf5a e-con-full e-flex e-con e-child\" data-id=\"14daf5a\" data-element_type=\"container\">\r\n\t\t\t\t\t<div data-plugin=\"floating\" data-options=\"{&quot;invertX&quot;:false,&quot;invertY&quot;:false}\" data-floating-depth=\"0.1\" class=\"elementor-element elementor-element-c73659d elementor-invisible elementor-widget elementor-widget-image\" data-id=\"c73659d\" data-element_type=\"widget\" data-settings=\"{&quot;_animation&quot;:&quot;zoomIn&quot;,&quot;_animation_delay&quot;:200}\" data-widget_type=\"image.default\">\n\t\t\t\t\t\t\t\t\t\t\t\t\t\t\t<img fetchpriority=\"high\" decoding=\"async\" width=\"893\" height=\"768\" src=\"https:\/\/buenartevisual.com\/colegiotalavera\/wp-content\/uploads\/2025\/09\/pastoral-e1758882212290.jpg\" class=\"attachment-full size-full wp-image-24358\" alt=\"\" srcset=\"https:\/\/buenartevisual.com\/colegiotalavera\/wp-content\/uploads\/2025\/09\/pastoral-e1758882212290.jpg 893w, https:\/\/buenartevisual.com\/colegiotalavera\/wp-content\/uploads\/2025\/09\/pastoral-e1758882212290-768x660.jpg 768w\" sizes=\"(max-width: 893px) 100vw, 893px\" \/>\t\t\t\t\t\t\t\t\t\t\t\t\t\t\t<\/div>\n\t\t\r\n\t\t\t<\/div>\r\n\t\t\t\t\t\t<div class=\" elementor-element elementor-element-86c6e69 e-con-full e-flex e-con e-child\" data-id=\"86c6e69\" data-element_type=\"container\">\r\n\t\t\t\t\t<div class=\"elementor-element elementor-element-559abbb elementor-widget elementor-widget-udesign_widget_heading\" data-id=\"559abbb\" data-element_type=\"widget\" data-widget_type=\"udesign_widget_heading.default\">\n\t\t\t\t\t<div class=\"title-wrapper  title-left title-md-left\"><div class=\"title elementor-heading-title\">vivir la fe en comunidad<\/div><\/div>\t\t\t\t<\/div>\n\t\t\t\t<div class=\"elementor-element elementor-element-7e8f66a elementor-invisible elementor-widget elementor-widget-udesign_widget_heading\" data-id=\"7e8f66a\" data-element_type=\"widget\" data-settings=\"{&quot;_animation&quot;:&quot;fadeInUpShorter&quot;,&quot;_animation_delay&quot;:400}\" data-widget_type=\"udesign_widget_heading.default\">\n\t\t\t\t\t<div class=\"title-wrapper  title-left\"><h3 class=\"title elementor-heading-title\">Un camino de encuentro con Dios que <br>transforma la vida y forma en valores.<\/h3><\/div>\t\t\t\t<\/div>\n\t\t\t\t<div class=\"elementor-element elementor-element-26aeeba elementor-widget elementor-widget-text-editor\" data-id=\"26aeeba\" data-element_type=\"widget\" data-widget_type=\"text-editor.default\">\n\t\t\t\t\t\t\t\t\t<p class=\"fusion-responsive-typography-calculated\" data-fontsize=\"19\" data-lineheight=\"26.6px\">En el Colegio Misioneras de la Providencia, la Pastoral es <strong>una de nuestras principales prioridades.<\/strong> Se trata de un conjunto de actividades que buscan evangelizar y formar a nuestros estudiantes en la fe, gui\u00e1ndolos hacia un encuentro personal con Dios. Nuestra labor pastoral est\u00e1 <strong>profundamente inspirada en el Evangelio,<\/strong> y se adapta a la realidad actual para hacerla m\u00e1s cercana y significativa a cada joven.<\/p><p class=\"fusion-responsive-typography-calculated\" data-fontsize=\"19\" data-lineheight=\"26.6px\">A trav\u00e9s de la Pastoral, <strong>trabajamos para que nuestros alumnos vivan su fe de manera aut\u00e9ntica<\/strong>, fomentando la interioridad, la reflexi\u00f3n personal y la oraci\u00f3n. Valoramos el silencio, el autoconocimiento y la capacidad de escucha, herramientas esenciales para establecer una relaci\u00f3n m\u00e1s profunda con uno mismo, con los dem\u00e1s y con Dios. Este proceso de crecimiento espiritual e interior tiene como objetivo una educaci\u00f3n integral, en la que la dimensi\u00f3n trascendente y cristiana sea un pilar fundamental.<\/p><p class=\"fusion-responsive-typography-calculated\" data-fontsize=\"19\" data-lineheight=\"26.6px\"><strong>Nuestro compromiso es formar a nuestros estudiantes en los valores del Evangelio<\/strong>, impuls\u00e1ndolos a vivir y a compartir estos valores en su vida cotidiana, para que se conviertan en agentes de cambio positivo en la sociedad.<\/p>\t\t\t\t\t\t\t\t<\/div>\n\t\t\t\t<div class=\"elementor-element elementor-element-400fa07d bottom-border elementor-widget elementor-widget-n-accordion\" data-id=\"400fa07d\" data-element_type=\"widget\" data-settings=\"{&quot;default_state&quot;:&quot;expanded&quot;,&quot;max_items_expended&quot;:&quot;one&quot;,&quot;n_accordion_animation_duration&quot;:{&quot;unit&quot;:&quot;ms&quot;,&quot;size&quot;:400,&quot;sizes&quot;:[]}}\" data-widget_type=\"nested-accordion.default\">\n\t\t\t\t\t\t\t<div class=\"e-n-accordion\" aria-label=\"Accordion. Open links with Enter or Space, close with Escape, and navigate with Arrow Keys\">\n\t\t\t\t\t\t<details id=\"e-n-accordion-item-1070\" class=\"e-n-accordion-item\" open>\n\t\t\t\t<summary class=\"e-n-accordion-item-title\" data-accordion-index=\"1\" tabindex=\"0\" aria-expanded=\"true\" aria-controls=\"e-n-accordion-item-1070\" >\n\t\t\t\t\t<span class='e-n-accordion-item-title-header'><div class=\"e-n-accordion-item-title-text\"> OBJETIVOS PEDAG\u00d3GICOS Y PASTORALES <\/div><\/span>\n\t\t\t\t\t\t\t<span class='e-n-accordion-item-title-icon'>\n\t\t\t<span class='e-opened' ><i aria-hidden=\"true\" class=\"  a-icon-minus\"><\/i><\/span>\n\t\t\t<span class='e-closed'><i aria-hidden=\"true\" class=\"  a-icon-plus\"><\/i><\/span>\n\t\t<\/span>\n\n\t\t\t\t\t\t<\/summary>\n\t\t\t\t\t\t\t<div class=\" elementor-element elementor-element-31b99ea6 e-con-full e-flex e-con e-child\" role=\"region\" aria-labelledby=\"e-n-accordion-item-1070\" data-id=\"31b99ea6\" data-element_type=\"container\">\r\n\t\t\t\t\t<div class=\"elementor-element elementor-element-63550a13 elementor-widget elementor-widget-heading\" data-id=\"63550a13\" data-element_type=\"widget\" data-widget_type=\"heading.default\">\n\t\t\t\t\t<p class=\"elementor-heading-title elementor-size-default\"><b>\u2013 Fomentar la sensibilidad y el compromiso social: <br><\/b>\n\nQueremos que nuestros alumnos desarrollen una conciencia cr\u00edtica frente a los problemas del mundo y de nuestro pa\u00eds, promoviendo actitudes de solidaridad, entrega a los dem\u00e1s, respeto y tolerancia.\nRechazamos toda forma de discriminaci\u00f3n y valoramos la inclusi\u00f3n como un principio fundamental.<br><br>\n\n<b>\u2013 Formaci\u00f3n acad\u00e9mica con responsabilidad:<br><\/b>\n\nEn nuestro centro, promovemos una preparaci\u00f3n intelectual de excelencia, basada en la responsabilidad, el esfuerzo y el compromiso diario. Nuestro objetivo es formar personas capaces de superarse cada d\u00eda, tanto a nivel personal como acad\u00e9mico.<br><br>\n\n<b>\u2013 Desarrollo del juicio cr\u00edtico y la toma de decisiones:<br><\/b>\n\nPreparamos a nuestros alumnos para que puedan adaptarse con criterio y sabidur\u00eda a las situaciones que la vida les presente, guiados siempre por los valores del Evangelio.<br><br>\n\n<b>\u2013 Confianza en Dios y en su Providencia:<br><\/b>\n\nFomentamos una fe viva, basada en la confianza absoluta en el amor y la Providencia de Dios. A trav\u00e9s de experiencias que brindan esperanza y seguridad, transmitimos que todos estamos en las manos de Dios, sin importar nuestra condici\u00f3n, y que \u00c9l cuida de cada uno de nosotros.<\/p>\t\t\t\t<\/div>\n\t\t\r\n\t\t\t<\/div>\r\n\t\t\t\t\t\t<\/details>\n\t\t\t\t\t<\/div>\n\t\t\t\t\t\t<\/div>\n\t\t\r\n\t\t\t<\/div>\r\n\t\t\t\t\t\t\t<\/div>\r\n\t\t\t\t\r\n\t\t\t<\/div>\r\n\t\t\t\t\t<\/div>\n\t\t","protected":false},"excerpt":{"rendered":"<p>vivir la fe en comunidad Un camino de encuentro con Dios que transforma la vida y forma en valores. En el Colegio Misioneras de la Providencia, la Pastoral es una de nuestras principales prioridades. Se trata de un conjunto de actividades que buscan evangelizar y formar a nuestros estudiantes en la fe, gui\u00e1ndolos hacia un [&hellip;]<\/p>\n","protected":false},"author":2,"featured_media":0,"parent":0,"menu_order":0,"comment_status":"closed","ping_status":"closed","template":"","meta":{"footnotes":""},"class_list":["post-24349","page","type-page","status-publish","hentry"],"yoast_head":"<!-- This site is optimized with the Yoast SEO plugin v26.5 - https:\/\/yoast.com\/wordpress\/plugins\/seo\/ -->\n<title>Pastoral - Colegio Misioneras de la Providencia Talavera de la Reina<\/title>\n<meta name=\"robots\" content=\"noindex, follow, max-snippet:-1, max-image-preview:large, max-video-preview:-1\" \/>\n<meta property=\"og:locale\" content=\"es_ES\" \/>\n<meta property=\"og:type\" content=\"article\" \/>\n<meta property=\"og:title\" content=\"Pastoral - Colegio Misioneras de la Providencia Talavera de la Reina\" \/>\n<meta property=\"og:description\" content=\"vivir la fe en comunidad Un camino de encuentro con Dios que transforma la vida y forma en valores. En el Colegio Misioneras de la Providencia, la Pastoral es una de nuestras principales prioridades. Se trata de un conjunto de actividades que buscan evangelizar y formar a nuestros estudiantes en la fe, gui\u00e1ndolos hacia un [&hellip;]\" \/>\n<meta property=\"og:url\" content=\"https:\/\/buenartevisual.com\/colegiotalavera\/pastoral\/\" \/>\n<meta property=\"og:site_name\" content=\"Colegio Misioneras de la Providencia Talavera de la Reina\" \/>\n<meta property=\"article:modified_time\" content=\"2025-09-26T10:23:59+00:00\" \/>\n<meta property=\"og:image\" content=\"https:\/\/buenartevisual.com\/colegiotalavera\/wp-content\/uploads\/2025\/09\/pastoral-e1758882212290.jpg\" \/>\n\t<meta property=\"og:image:width\" content=\"893\" \/>\n\t<meta property=\"og:image:height\" content=\"768\" \/>\n\t<meta property=\"og:image:type\" content=\"image\/jpeg\" \/>\n<meta name=\"twitter:card\" content=\"summary_large_image\" \/>\n<meta name=\"twitter:label1\" content=\"Tiempo de lectura\" \/>\n\t<meta name=\"twitter:data1\" content=\"3 minutos\" \/>\n<script type=\"application\/ld+json\" class=\"yoast-schema-graph\">{\"@context\":\"https:\/\/schema.org\",\"@graph\":[{\"@type\":\"WebPage\",\"@id\":\"https:\/\/buenartevisual.com\/colegiotalavera\/pastoral\/\",\"url\":\"https:\/\/buenartevisual.com\/colegiotalavera\/pastoral\/\",\"name\":\"Pastoral - Colegio Misioneras de la Providencia Talavera de la Reina\",\"isPartOf\":{\"@id\":\"https:\/\/buenartevisual.com\/colegiotalavera\/#website\"},\"primaryImageOfPage\":{\"@id\":\"https:\/\/buenartevisual.com\/colegiotalavera\/pastoral\/#primaryimage\"},\"image\":{\"@id\":\"https:\/\/buenartevisual.com\/colegiotalavera\/pastoral\/#primaryimage\"},\"thumbnailUrl\":\"https:\/\/buenartevisual.com\/colegiotalavera\/wp-content\/uploads\/2025\/09\/pastoral-e1758882212290.jpg\",\"datePublished\":\"2025-09-26T10:09:56+00:00\",\"dateModified\":\"2025-09-26T10:23:59+00:00\",\"breadcrumb\":{\"@id\":\"https:\/\/buenartevisual.com\/colegiotalavera\/pastoral\/#breadcrumb\"},\"inLanguage\":\"es\",\"potentialAction\":[{\"@type\":\"ReadAction\",\"target\":[\"https:\/\/buenartevisual.com\/colegiotalavera\/pastoral\/\"]}]},{\"@type\":\"ImageObject\",\"inLanguage\":\"es\",\"@id\":\"https:\/\/buenartevisual.com\/colegiotalavera\/pastoral\/#primaryimage\",\"url\":\"https:\/\/buenartevisual.com\/colegiotalavera\/wp-content\/uploads\/2025\/09\/pastoral-e1758882212290.jpg\",\"contentUrl\":\"https:\/\/buenartevisual.com\/colegiotalavera\/wp-content\/uploads\/2025\/09\/pastoral-e1758882212290.jpg\",\"width\":893,\"height\":768},{\"@type\":\"BreadcrumbList\",\"@id\":\"https:\/\/buenartevisual.com\/colegiotalavera\/pastoral\/#breadcrumb\",\"itemListElement\":[{\"@type\":\"ListItem\",\"position\":1,\"name\":\"Portada\",\"item\":\"https:\/\/buenartevisual.com\/colegiotalavera\/\"},{\"@type\":\"ListItem\",\"position\":2,\"name\":\"Pastoral\"}]},{\"@type\":\"WebSite\",\"@id\":\"https:\/\/buenartevisual.com\/colegiotalavera\/#website\",\"url\":\"https:\/\/buenartevisual.com\/colegiotalavera\/\",\"name\":\"Colegio Misioneras de la Providencia Talavera de la Reina\",\"description\":\"Web del colegio Misioneras de la Providencia de Talavera de la Reina\",\"publisher\":{\"@id\":\"https:\/\/buenartevisual.com\/colegiotalavera\/#organization\"},\"potentialAction\":[{\"@type\":\"SearchAction\",\"target\":{\"@type\":\"EntryPoint\",\"urlTemplate\":\"https:\/\/buenartevisual.com\/colegiotalavera\/?s={search_term_string}\"},\"query-input\":{\"@type\":\"PropertyValueSpecification\",\"valueRequired\":true,\"valueName\":\"search_term_string\"}}],\"inLanguage\":\"es\"},{\"@type\":\"Organization\",\"@id\":\"https:\/\/buenartevisual.com\/colegiotalavera\/#organization\",\"name\":\"Colegio Misioneras de la Providencia Talavera de la Reina\",\"url\":\"https:\/\/buenartevisual.com\/colegiotalavera\/\",\"logo\":{\"@type\":\"ImageObject\",\"inLanguage\":\"es\",\"@id\":\"https:\/\/buenartevisual.com\/colegiotalavera\/#\/schema\/logo\/image\/\",\"url\":\"https:\/\/buenartevisual.com\/colegiotalavera\/wp-content\/uploads\/2025\/10\/logo-misioneras-talavera.png\",\"contentUrl\":\"https:\/\/buenartevisual.com\/colegiotalavera\/wp-content\/uploads\/2025\/10\/logo-misioneras-talavera.png\",\"width\":447,\"height\":142,\"caption\":\"Colegio Misioneras de la Providencia Talavera de la Reina\"},\"image\":{\"@id\":\"https:\/\/buenartevisual.com\/colegiotalavera\/#\/schema\/logo\/image\/\"}}]}<\/script>\n<!-- \/ Yoast SEO plugin. -->","yoast_head_json":{"title":"Pastoral - Colegio Misioneras de la Providencia Talavera de la Reina","robots":{"index":"noindex","follow":"follow","max-snippet":"max-snippet:-1","max-image-preview":"max-image-preview:large","max-video-preview":"max-video-preview:-1"},"og_locale":"es_ES","og_type":"article","og_title":"Pastoral - Colegio Misioneras de la Providencia Talavera de la Reina","og_description":"vivir la fe en comunidad Un camino de encuentro con Dios que transforma la vida y forma en valores. En el Colegio Misioneras de la Providencia, la Pastoral es una de nuestras principales prioridades. Se trata de un conjunto de actividades que buscan evangelizar y formar a nuestros estudiantes en la fe, gui\u00e1ndolos hacia un [&hellip;]","og_url":"https:\/\/buenartevisual.com\/colegiotalavera\/pastoral\/","og_site_name":"Colegio Misioneras de la Providencia Talavera de la Reina","article_modified_time":"2025-09-26T10:23:59+00:00","og_image":[{"width":893,"height":768,"url":"https:\/\/buenartevisual.com\/colegiotalavera\/wp-content\/uploads\/2025\/09\/pastoral-e1758882212290.jpg","type":"image\/jpeg"}],"twitter_card":"summary_large_image","twitter_misc":{"Tiempo de lectura":"3 minutos"},"schema":{"@context":"https:\/\/schema.org","@graph":[{"@type":"WebPage","@id":"https:\/\/buenartevisual.com\/colegiotalavera\/pastoral\/","url":"https:\/\/buenartevisual.com\/colegiotalavera\/pastoral\/","name":"Pastoral - Colegio Misioneras de la Providencia Talavera de la Reina","isPartOf":{"@id":"https:\/\/buenartevisual.com\/colegiotalavera\/#website"},"primaryImageOfPage":{"@id":"https:\/\/buenartevisual.com\/colegiotalavera\/pastoral\/#primaryimage"},"image":{"@id":"https:\/\/buenartevisual.com\/colegiotalavera\/pastoral\/#primaryimage"},"thumbnailUrl":"https:\/\/buenartevisual.com\/colegiotalavera\/wp-content\/uploads\/2025\/09\/pastoral-e1758882212290.jpg","datePublished":"2025-09-26T10:09:56+00:00","dateModified":"2025-09-26T10:23:59+00:00","breadcrumb":{"@id":"https:\/\/buenartevisual.com\/colegiotalavera\/pastoral\/#breadcrumb"},"inLanguage":"es","potentialAction":[{"@type":"ReadAction","target":["https:\/\/buenartevisual.com\/colegiotalavera\/pastoral\/"]}]},{"@type":"ImageObject","inLanguage":"es","@id":"https:\/\/buenartevisual.com\/colegiotalavera\/pastoral\/#primaryimage","url":"https:\/\/buenartevisual.com\/colegiotalavera\/wp-content\/uploads\/2025\/09\/pastoral-e1758882212290.jpg","contentUrl":"https:\/\/buenartevisual.com\/colegiotalavera\/wp-content\/uploads\/2025\/09\/pastoral-e1758882212290.jpg","width":893,"height":768},{"@type":"BreadcrumbList","@id":"https:\/\/buenartevisual.com\/colegiotalavera\/pastoral\/#breadcrumb","itemListElement":[{"@type":"ListItem","position":1,"name":"Portada","item":"https:\/\/buenartevisual.com\/colegiotalavera\/"},{"@type":"ListItem","position":2,"name":"Pastoral"}]},{"@type":"WebSite","@id":"https:\/\/buenartevisual.com\/colegiotalavera\/#website","url":"https:\/\/buenartevisual.com\/colegiotalavera\/","name":"Colegio Misioneras de la Providencia Talavera de la Reina","description":"Web del colegio Misioneras de la Providencia de Talavera de la Reina","publisher":{"@id":"https:\/\/buenartevisual.com\/colegiotalavera\/#organization"},"potentialAction":[{"@type":"SearchAction","target":{"@type":"EntryPoint","urlTemplate":"https:\/\/buenartevisual.com\/colegiotalavera\/?s={search_term_string}"},"query-input":{"@type":"PropertyValueSpecification","valueRequired":true,"valueName":"search_term_string"}}],"inLanguage":"es"},{"@type":"Organization","@id":"https:\/\/buenartevisual.com\/colegiotalavera\/#organization","name":"Colegio Misioneras de la Providencia Talavera de la Reina","url":"https:\/\/buenartevisual.com\/colegiotalavera\/","logo":{"@type":"ImageObject","inLanguage":"es","@id":"https:\/\/buenartevisual.com\/colegiotalavera\/#\/schema\/logo\/image\/","url":"https:\/\/buenartevisual.com\/colegiotalavera\/wp-content\/uploads\/2025\/10\/logo-misioneras-talavera.png","contentUrl":"https:\/\/buenartevisual.com\/colegiotalavera\/wp-content\/uploads\/2025\/10\/logo-misioneras-talavera.png","width":447,"height":142,"caption":"Colegio Misioneras de la Providencia Talavera de la Reina"},"image":{"@id":"https:\/\/buenartevisual.com\/colegiotalavera\/#\/schema\/logo\/image\/"}}]}},"_links":{"self":[{"href":"https:\/\/buenartevisual.com\/colegiotalavera\/wp-json\/wp\/v2\/pages\/24349","targetHints":{"allow":["GET"]}}],"collection":[{"href":"https:\/\/buenartevisual.com\/colegiotalavera\/wp-json\/wp\/v2\/pages"}],"about":[{"href":"https:\/\/buenartevisual.com\/colegiotalavera\/wp-json\/wp\/v2\/types\/page"}],"author":[{"embeddable":true,"href":"https:\/\/buenartevisual.com\/colegiotalavera\/wp-json\/wp\/v2\/users\/2"}],"replies":[{"embeddable":true,"href":"https:\/\/buenartevisual.com\/colegiotalavera\/wp-json\/wp\/v2\/comments?post=24349"}],"version-history":[{"count":7,"href":"https:\/\/buenartevisual.com\/colegiotalavera\/wp-json\/wp\/v2\/pages\/24349\/revisions"}],"predecessor-version":[{"id":24361,"href":"https:\/\/buenartevisual.com\/colegiotalavera\/wp-json\/wp\/v2\/pages\/24349\/revisions\/24361"}],"wp:attachment":[{"href":"https:\/\/buenartevisual.com\/colegiotalavera\/wp-json\/wp\/v2\/media?parent=24349"}],"curies":[{"name":"wp","href":"https:\/\/api.w.org\/{rel}","templated":true}]}}