{"id":21261,"date":"2025-09-15T10:55:42","date_gmt":"2025-09-15T08:55:42","guid":{"rendered":"https:\/\/buenartevisual.com\/colegiotalavera\/?page_id=21261"},"modified":"2025-09-16T11:16:44","modified_gmt":"2025-09-16T09:16:44","slug":"historia","status":"publish","type":"page","link":"https:\/\/buenartevisual.com\/colegiotalavera\/historia\/","title":{"rendered":"Historia"},"content":{"rendered":"\t\t<div data-elementor-type=\"wp-page\" data-elementor-id=\"21261\" class=\"elementor elementor-21261\">\n\t\t\t\t\t\t\t<div class=\" elementor-element elementor-element-e6212b4 e-flex e-con-boxed e-con e-parent\" data-id=\"e6212b4\" data-element_type=\"container\">\r\n\t\t\t\t\t\t\t<div class=\"e-con-inner\">\r\n\t\t\t\t\t\t<div class=\"elementor-element elementor-element-cc3f78d elementor-widget elementor-widget-udesign_widget_heading\" data-id=\"cc3f78d\" data-element_type=\"widget\" data-widget_type=\"udesign_widget_heading.default\">\n\t\t\t\t\t<div class=\"title-wrapper  title-left\"><div class=\"title elementor-heading-title\">nuestra historia<\/div><\/div>\t\t\t\t<\/div>\n\t\t\t\t<div class=\"elementor-element elementor-element-e969cb0 elementor-widget elementor-widget-udesign_widget_heading\" data-id=\"e969cb0\" data-element_type=\"widget\" data-widget_type=\"udesign_widget_heading.default\">\n\t\t\t\t\t<div class=\"title-wrapper  title-center\"><h2 class=\"title elementor-heading-title\">Un legado de fe y educaci\u00f3n que sigue vivo hoy<\/h2><\/div>\t\t\t\t<\/div>\n\t\t\t\t<div class=\"elementor-element elementor-element-f4ec8eb elementor-widget elementor-widget-udesign_widget_heading\" data-id=\"f4ec8eb\" data-element_type=\"widget\" data-widget_type=\"udesign_widget_heading.default\">\n\t\t\t\t\t<div class=\"title-wrapper  title-center\"><p class=\"title elementor-heading-title\">La historia de nuestro colegio es un camino de fe, esfuerzo y dedicaci\u00f3n a la educaci\u00f3n. Un recorrido que refleja el esp\u00edritu de su fundador <br>y el compromiso de toda una comunidad con la formaci\u00f3n integral de ni\u00f1os y j\u00f3venes.<\/p><\/div>\t\t\t\t<\/div>\n\t\t\t\t\t\t<\/div>\r\n\t\t\t\t\r\n\t\t\t<\/div>\r\n\t\t\t\t\t\t<div class=\" elementor-element elementor-element-c0eb908 e-flex e-con-boxed e-con e-parent\" data-stretch=\"full\" data-stretch-width=\"0\" data-id=\"c0eb908\" data-element_type=\"container\" data-settings=\"{&quot;background_background&quot;:&quot;classic&quot;}\">\r\n\t\t\t\t\t\t\t<div class=\"e-con-inner\">\r\n\t\t\t\t\t\t<div class=\"elementor-element elementor-element-7fd21ec elementor-invisible elementor-widget elementor-widget-udesign_widget_timeline\" data-id=\"7fd21ec\" data-element_type=\"widget\" data-settings=\"{&quot;_animation&quot;:&quot;fadeIn&quot;,&quot;_animation_delay&quot;:600}\" data-widget_type=\"udesign_widget_timeline.default\">\n\t\t\t\t\t<div class=\"timeline timeline-vertical timeline-h-align-center timeline-v-align-middle\"><div class=\"timeline-line\"><div class=\"timeline-progress\"><\/div><\/div><div class=\"timeline-list\"><div class=\"timeline-item\"><div class=\"timeline-content\"><figure class=\"timeline-media timeline-lg-none\"><img fetchpriority=\"high\" decoding=\"async\" width=\"1190\" height=\"740\" src=\"https:\/\/buenartevisual.com\/colegiotalavera\/wp-content\/uploads\/2025\/09\/el-fundador.jpg\" class=\"attachment-full size-full wp-image-21271\" alt=\"\" srcset=\"https:\/\/buenartevisual.com\/colegiotalavera\/wp-content\/uploads\/2025\/09\/el-fundador.jpg 1190w, https:\/\/buenartevisual.com\/colegiotalavera\/wp-content\/uploads\/2025\/09\/el-fundador-1024x637.jpg 1024w, https:\/\/buenartevisual.com\/colegiotalavera\/wp-content\/uploads\/2025\/09\/el-fundador-768x478.jpg 768w\" sizes=\"(max-width: 1190px) 100vw, 1190px\" \/><\/figure><h4 class=\"timeline-title\">1950<\/h4><div class=\"timeline-meta\">El fundador<\/div><p class=\"timeline-desc\">D. Joaqu\u00edn Alonso Hern\u00e1ndez, sacerdote salmantino profundamente preocupado por la educaci\u00f3n de ni\u00f1os y j\u00f3venes de todas las clases sociales sin distinci\u00f3n, re\u00fane a un grupo de j\u00f3venes universitarias. Unidas por la fe en la Providencia de Dios, el amor a la Virgen y una gran ilusi\u00f3n, forman la primera semilla de lo que, a\u00f1os m\u00e1s tarde, ser\u00edan las <em data-start=\"504\" data-end=\"534\">Misioneras de la Providencia<\/em>.<\/p><\/div><div class=\"timeline-point\"><i class=\"fas fa-circle\"><\/i><\/div><div class=\"timeline-meta-wrap\"><figure class=\"timeline-media\"><img fetchpriority=\"high\" decoding=\"async\" width=\"1190\" height=\"740\" src=\"https:\/\/buenartevisual.com\/colegiotalavera\/wp-content\/uploads\/2025\/09\/el-fundador.jpg\" class=\"attachment-full size-full wp-image-21271\" alt=\"\" srcset=\"https:\/\/buenartevisual.com\/colegiotalavera\/wp-content\/uploads\/2025\/09\/el-fundador.jpg 1190w, https:\/\/buenartevisual.com\/colegiotalavera\/wp-content\/uploads\/2025\/09\/el-fundador-1024x637.jpg 1024w, https:\/\/buenartevisual.com\/colegiotalavera\/wp-content\/uploads\/2025\/09\/el-fundador-768x478.jpg 768w\" sizes=\"(max-width: 1190px) 100vw, 1190px\" \/><\/figure><\/div><\/div><div class=\"timeline-item\"><div class=\"timeline-content\"><figure class=\"timeline-media timeline-lg-none\"><img decoding=\"async\" width=\"1190\" height=\"740\" src=\"https:\/\/buenartevisual.com\/colegiotalavera\/wp-content\/uploads\/2025\/09\/primer-colegio.jpg\" class=\"attachment-full size-full wp-image-21272\" alt=\"\" srcset=\"https:\/\/buenartevisual.com\/colegiotalavera\/wp-content\/uploads\/2025\/09\/primer-colegio.jpg 1190w, https:\/\/buenartevisual.com\/colegiotalavera\/wp-content\/uploads\/2025\/09\/primer-colegio-1024x637.jpg 1024w, https:\/\/buenartevisual.com\/colegiotalavera\/wp-content\/uploads\/2025\/09\/primer-colegio-768x478.jpg 768w\" sizes=\"(max-width: 1190px) 100vw, 1190px\" \/><\/figure><h4 class=\"timeline-title\">1953<\/h4><div class=\"timeline-meta\">Nace la congregaci\u00f3n<\/div><p class=\"timeline-desc\"><p data-start=\"409\" data-end=\"565\">Se funda oficialmente la Congregaci\u00f3n de las <em data-start=\"454\" data-end=\"484\">Misioneras de la Providencia<\/em>, fruto del esp\u00edritu comprometido y la entrega de D. Joaqu\u00edn y aquellas j\u00f3venes.<\/p><b>Primeros a\u00f1os:<\/b>El Colegio, primero de la Congregaci\u00f3n, recorre distintos lugares de Salamanca: El Arrabal del Puente, la calle Isidro Segovia, la calle Jos\u00e9 Antonio (hoy Azafranal) y finalmente la avenida Champagnat (actual avenida de los Maristas).<\/p><\/div><div class=\"timeline-point\"><i class=\"fas fa-circle\"><\/i><\/div><div class=\"timeline-meta-wrap\"><figure class=\"timeline-media\"><img decoding=\"async\" width=\"1190\" height=\"740\" src=\"https:\/\/buenartevisual.com\/colegiotalavera\/wp-content\/uploads\/2025\/09\/primer-colegio.jpg\" class=\"attachment-full size-full wp-image-21272\" alt=\"\" srcset=\"https:\/\/buenartevisual.com\/colegiotalavera\/wp-content\/uploads\/2025\/09\/primer-colegio.jpg 1190w, https:\/\/buenartevisual.com\/colegiotalavera\/wp-content\/uploads\/2025\/09\/primer-colegio-1024x637.jpg 1024w, https:\/\/buenartevisual.com\/colegiotalavera\/wp-content\/uploads\/2025\/09\/primer-colegio-768x478.jpg 768w\" sizes=\"(max-width: 1190px) 100vw, 1190px\" \/><\/figure><\/div><\/div><div class=\"timeline-item\"><div class=\"timeline-content\"><figure class=\"timeline-media timeline-lg-none\"><img decoding=\"async\" width=\"1190\" height=\"740\" src=\"https:\/\/buenartevisual.com\/colegiotalavera\/wp-content\/uploads\/2025\/09\/nuevo-edificio.jpg\" class=\"attachment-full size-full wp-image-21273\" alt=\"\" srcset=\"https:\/\/buenartevisual.com\/colegiotalavera\/wp-content\/uploads\/2025\/09\/nuevo-edificio.jpg 1190w, https:\/\/buenartevisual.com\/colegiotalavera\/wp-content\/uploads\/2025\/09\/nuevo-edificio-1024x637.jpg 1024w, https:\/\/buenartevisual.com\/colegiotalavera\/wp-content\/uploads\/2025\/09\/nuevo-edificio-768x478.jpg 768w\" sizes=\"(max-width: 1190px) 100vw, 1190px\" \/><\/figure><h4 class=\"timeline-title\">1961<\/h4><div class=\"timeline-meta\">El nuevo edificio<\/div><p class=\"timeline-desc\">Se construye el edificio en Champagnat para acoger al creciente n\u00famero de alumnas que acud\u00edan al conocido \u201cColegio del sobre an\u00f3nimo\u201d.<\/p><\/div><div class=\"timeline-point\"><i class=\"fas fa-circle\"><\/i><\/div><div class=\"timeline-meta-wrap\"><figure class=\"timeline-media\"><img decoding=\"async\" width=\"1190\" height=\"740\" src=\"https:\/\/buenartevisual.com\/colegiotalavera\/wp-content\/uploads\/2025\/09\/nuevo-edificio.jpg\" class=\"attachment-full size-full wp-image-21273\" alt=\"\" srcset=\"https:\/\/buenartevisual.com\/colegiotalavera\/wp-content\/uploads\/2025\/09\/nuevo-edificio.jpg 1190w, https:\/\/buenartevisual.com\/colegiotalavera\/wp-content\/uploads\/2025\/09\/nuevo-edificio-1024x637.jpg 1024w, https:\/\/buenartevisual.com\/colegiotalavera\/wp-content\/uploads\/2025\/09\/nuevo-edificio-768x478.jpg 768w\" sizes=\"(max-width: 1190px) 100vw, 1190px\" \/><\/figure><\/div><\/div><div class=\"timeline-item\"><div class=\"timeline-content\"><figure class=\"timeline-media timeline-lg-none\"><img loading=\"lazy\" decoding=\"async\" width=\"1190\" height=\"740\" src=\"https:\/\/buenartevisual.com\/colegiotalavera\/wp-content\/uploads\/2025\/09\/mejoras.jpg\" class=\"attachment-full size-full wp-image-21274\" alt=\"\" srcset=\"https:\/\/buenartevisual.com\/colegiotalavera\/wp-content\/uploads\/2025\/09\/mejoras.jpg 1190w, https:\/\/buenartevisual.com\/colegiotalavera\/wp-content\/uploads\/2025\/09\/mejoras-1024x637.jpg 1024w, https:\/\/buenartevisual.com\/colegiotalavera\/wp-content\/uploads\/2025\/09\/mejoras-768x478.jpg 768w\" sizes=\"(max-width: 1190px) 100vw, 1190px\" \/><\/figure><h4 class=\"timeline-title\">1975<\/h4><div class=\"timeline-meta\">Ampliaci\u00f3n y nuevos servicios<\/div><p class=\"timeline-desc\">El centro se ampl\u00eda con modernas instalaciones, ofreciendo educaci\u00f3n en todos los niveles, internado para alumnas y comedor escolar. Los servicios contin\u00faan creciendo en el \u00e1mbito extraescolar.<\/p><\/div><div class=\"timeline-point\"><i class=\"fas fa-circle\"><\/i><\/div><div class=\"timeline-meta-wrap\"><figure class=\"timeline-media\"><img loading=\"lazy\" decoding=\"async\" width=\"1190\" height=\"740\" src=\"https:\/\/buenartevisual.com\/colegiotalavera\/wp-content\/uploads\/2025\/09\/mejoras.jpg\" class=\"attachment-full size-full wp-image-21274\" alt=\"\" srcset=\"https:\/\/buenartevisual.com\/colegiotalavera\/wp-content\/uploads\/2025\/09\/mejoras.jpg 1190w, https:\/\/buenartevisual.com\/colegiotalavera\/wp-content\/uploads\/2025\/09\/mejoras-1024x637.jpg 1024w, https:\/\/buenartevisual.com\/colegiotalavera\/wp-content\/uploads\/2025\/09\/mejoras-768x478.jpg 768w\" sizes=\"(max-width: 1190px) 100vw, 1190px\" \/><\/figure><\/div><\/div><div class=\"timeline-item\"><div class=\"timeline-content\"><figure class=\"timeline-media timeline-lg-none\"><img loading=\"lazy\" decoding=\"async\" width=\"1190\" height=\"740\" src=\"https:\/\/buenartevisual.com\/colegiotalavera\/wp-content\/uploads\/2025\/09\/mixto.jpg\" class=\"attachment-full size-full wp-image-21275\" alt=\"\" srcset=\"https:\/\/buenartevisual.com\/colegiotalavera\/wp-content\/uploads\/2025\/09\/mixto.jpg 1190w, https:\/\/buenartevisual.com\/colegiotalavera\/wp-content\/uploads\/2025\/09\/mixto-1024x637.jpg 1024w, https:\/\/buenartevisual.com\/colegiotalavera\/wp-content\/uploads\/2025\/09\/mixto-768x478.jpg 768w\" sizes=\"(max-width: 1190px) 100vw, 1190px\" \/><\/figure><h4 class=\"timeline-title\">A\u00f1os recientes<\/h4><div class=\"timeline-meta\">Un colegio para todos<\/div><p class=\"timeline-desc\">El centro se convierte en mixto y recibe alumnos de toda Espa\u00f1a e incluso del extranjero, manteniendo la visi\u00f3n de D. Joaqu\u00edn: una educaci\u00f3n que une lo trascendente, lo intelectual y lo est\u00e9tico.<\/p><\/div><div class=\"timeline-point\"><i class=\"fas fa-circle\"><\/i><\/div><div class=\"timeline-meta-wrap\"><figure class=\"timeline-media\"><img loading=\"lazy\" decoding=\"async\" width=\"1190\" height=\"740\" src=\"https:\/\/buenartevisual.com\/colegiotalavera\/wp-content\/uploads\/2025\/09\/mixto.jpg\" class=\"attachment-full size-full wp-image-21275\" alt=\"\" srcset=\"https:\/\/buenartevisual.com\/colegiotalavera\/wp-content\/uploads\/2025\/09\/mixto.jpg 1190w, https:\/\/buenartevisual.com\/colegiotalavera\/wp-content\/uploads\/2025\/09\/mixto-1024x637.jpg 1024w, https:\/\/buenartevisual.com\/colegiotalavera\/wp-content\/uploads\/2025\/09\/mixto-768x478.jpg 768w\" sizes=\"(max-width: 1190px) 100vw, 1190px\" \/><\/figure><\/div><\/div><div class=\"timeline-item\"><div class=\"timeline-content\"><figure class=\"timeline-media timeline-lg-none\"><img loading=\"lazy\" decoding=\"async\" width=\"1190\" height=\"740\" src=\"https:\/\/buenartevisual.com\/colegiotalavera\/wp-content\/uploads\/2025\/09\/mixto-1.jpg\" class=\"attachment-full size-full wp-image-21276\" alt=\"\" srcset=\"https:\/\/buenartevisual.com\/colegiotalavera\/wp-content\/uploads\/2025\/09\/mixto-1.jpg 1190w, https:\/\/buenartevisual.com\/colegiotalavera\/wp-content\/uploads\/2025\/09\/mixto-1-1024x637.jpg 1024w, https:\/\/buenartevisual.com\/colegiotalavera\/wp-content\/uploads\/2025\/09\/mixto-1-768x478.jpg 768w\" sizes=\"(max-width: 1190px) 100vw, 1190px\" \/><\/figure><h4 class=\"timeline-title\">Hoy<\/h4><div class=\"timeline-meta\">Una misi\u00f3n viva<\/div><p class=\"timeline-desc\">El colegio contin\u00faa su labor educativa, fomentando la autoeducaci\u00f3n, el trabajo en equipo y la atenci\u00f3n personalizada, para lograr una formaci\u00f3n integral fiel al carisma del fundador.<\/p><\/div><div class=\"timeline-point\"><i class=\"fas fa-circle\"><\/i><\/div><div class=\"timeline-meta-wrap\"><figure class=\"timeline-media\"><img loading=\"lazy\" decoding=\"async\" width=\"1190\" height=\"740\" src=\"https:\/\/buenartevisual.com\/colegiotalavera\/wp-content\/uploads\/2025\/09\/mixto-1.jpg\" class=\"attachment-full size-full wp-image-21276\" alt=\"\" srcset=\"https:\/\/buenartevisual.com\/colegiotalavera\/wp-content\/uploads\/2025\/09\/mixto-1.jpg 1190w, https:\/\/buenartevisual.com\/colegiotalavera\/wp-content\/uploads\/2025\/09\/mixto-1-1024x637.jpg 1024w, https:\/\/buenartevisual.com\/colegiotalavera\/wp-content\/uploads\/2025\/09\/mixto-1-768x478.jpg 768w\" sizes=\"(max-width: 1190px) 100vw, 1190px\" \/><\/figure><\/div><\/div><\/div><\/div>\t\t\t\t<\/div>\n\t\t\t\t\t\t<\/div>\r\n\t\t\t\t\r\n\t\t\t<\/div>\r\n\t\t\t\t\t<\/div>\n\t\t","protected":false},"excerpt":{"rendered":"<p>nuestra historia Un legado de fe y educaci\u00f3n que sigue vivo hoy La historia de nuestro colegio es un camino de fe, esfuerzo y dedicaci\u00f3n a la educaci\u00f3n. Un recorrido que refleja el esp\u00edritu de su fundador y el compromiso de toda una comunidad con la formaci\u00f3n integral de ni\u00f1os y j\u00f3venes. 1950 El fundador [&hellip;]<\/p>\n","protected":false},"author":2,"featured_media":0,"parent":0,"menu_order":0,"comment_status":"closed","ping_status":"closed","template":"","meta":{"footnotes":""},"class_list":["post-21261","page","type-page","status-publish","hentry"],"yoast_head":"<!-- This site is optimized with the Yoast SEO plugin v26.5 - https:\/\/yoast.com\/wordpress\/plugins\/seo\/ -->\n<title>Historia - Colegio Misioneras de la Providencia Talavera de la Reina<\/title>\n<meta name=\"robots\" content=\"noindex, follow, max-snippet:-1, max-image-preview:large, max-video-preview:-1\" \/>\n<meta property=\"og:locale\" content=\"es_ES\" \/>\n<meta property=\"og:type\" content=\"article\" \/>\n<meta property=\"og:title\" content=\"Historia - Colegio Misioneras de la Providencia Talavera de la Reina\" \/>\n<meta property=\"og:description\" content=\"nuestra historia Un legado de fe y educaci\u00f3n que sigue vivo hoy La historia de nuestro colegio es un camino de fe, esfuerzo y dedicaci\u00f3n a la educaci\u00f3n. Un recorrido que refleja el esp\u00edritu de su fundador y el compromiso de toda una comunidad con la formaci\u00f3n integral de ni\u00f1os y j\u00f3venes. 1950 El fundador [&hellip;]\" \/>\n<meta property=\"og:url\" content=\"https:\/\/buenartevisual.com\/colegiotalavera\/historia\/\" \/>\n<meta property=\"og:site_name\" content=\"Colegio Misioneras de la Providencia Talavera de la Reina\" \/>\n<meta property=\"article:modified_time\" content=\"2025-09-16T09:16:44+00:00\" \/>\n<meta property=\"og:image\" content=\"https:\/\/buenartevisual.com\/colegiotalavera\/wp-content\/uploads\/2025\/09\/el-fundador.jpg\" \/>\n\t<meta property=\"og:image:width\" content=\"1190\" \/>\n\t<meta property=\"og:image:height\" content=\"740\" \/>\n\t<meta property=\"og:image:type\" content=\"image\/jpeg\" \/>\n<meta name=\"twitter:card\" content=\"summary_large_image\" \/>\n<meta name=\"twitter:label1\" content=\"Tiempo de lectura\" \/>\n\t<meta name=\"twitter:data1\" content=\"2 minutos\" \/>\n<script type=\"application\/ld+json\" class=\"yoast-schema-graph\">{\"@context\":\"https:\/\/schema.org\",\"@graph\":[{\"@type\":\"WebPage\",\"@id\":\"https:\/\/buenartevisual.com\/colegiotalavera\/historia\/\",\"url\":\"https:\/\/buenartevisual.com\/colegiotalavera\/historia\/\",\"name\":\"Historia - Colegio Misioneras de la Providencia Talavera de la Reina\",\"isPartOf\":{\"@id\":\"https:\/\/buenartevisual.com\/colegiotalavera\/#website\"},\"primaryImageOfPage\":{\"@id\":\"https:\/\/buenartevisual.com\/colegiotalavera\/historia\/#primaryimage\"},\"image\":{\"@id\":\"https:\/\/buenartevisual.com\/colegiotalavera\/historia\/#primaryimage\"},\"thumbnailUrl\":\"https:\/\/buenartevisual.com\/colegiotalavera\/wp-content\/uploads\/2025\/09\/el-fundador.jpg\",\"datePublished\":\"2025-09-15T08:55:42+00:00\",\"dateModified\":\"2025-09-16T09:16:44+00:00\",\"breadcrumb\":{\"@id\":\"https:\/\/buenartevisual.com\/colegiotalavera\/historia\/#breadcrumb\"},\"inLanguage\":\"es\",\"potentialAction\":[{\"@type\":\"ReadAction\",\"target\":[\"https:\/\/buenartevisual.com\/colegiotalavera\/historia\/\"]}]},{\"@type\":\"ImageObject\",\"inLanguage\":\"es\",\"@id\":\"https:\/\/buenartevisual.com\/colegiotalavera\/historia\/#primaryimage\",\"url\":\"https:\/\/buenartevisual.com\/colegiotalavera\/wp-content\/uploads\/2025\/09\/el-fundador.jpg\",\"contentUrl\":\"https:\/\/buenartevisual.com\/colegiotalavera\/wp-content\/uploads\/2025\/09\/el-fundador.jpg\",\"width\":1190,\"height\":740},{\"@type\":\"BreadcrumbList\",\"@id\":\"https:\/\/buenartevisual.com\/colegiotalavera\/historia\/#breadcrumb\",\"itemListElement\":[{\"@type\":\"ListItem\",\"position\":1,\"name\":\"Portada\",\"item\":\"https:\/\/buenartevisual.com\/colegiotalavera\/\"},{\"@type\":\"ListItem\",\"position\":2,\"name\":\"Historia\"}]},{\"@type\":\"WebSite\",\"@id\":\"https:\/\/buenartevisual.com\/colegiotalavera\/#website\",\"url\":\"https:\/\/buenartevisual.com\/colegiotalavera\/\",\"name\":\"Colegio Misioneras de la Providencia Talavera de la Reina\",\"description\":\"Web del colegio Misioneras de la Providencia de Talavera de la Reina\",\"publisher\":{\"@id\":\"https:\/\/buenartevisual.com\/colegiotalavera\/#organization\"},\"potentialAction\":[{\"@type\":\"SearchAction\",\"target\":{\"@type\":\"EntryPoint\",\"urlTemplate\":\"https:\/\/buenartevisual.com\/colegiotalavera\/?s={search_term_string}\"},\"query-input\":{\"@type\":\"PropertyValueSpecification\",\"valueRequired\":true,\"valueName\":\"search_term_string\"}}],\"inLanguage\":\"es\"},{\"@type\":\"Organization\",\"@id\":\"https:\/\/buenartevisual.com\/colegiotalavera\/#organization\",\"name\":\"Colegio Misioneras de la Providencia Talavera de la Reina\",\"url\":\"https:\/\/buenartevisual.com\/colegiotalavera\/\",\"logo\":{\"@type\":\"ImageObject\",\"inLanguage\":\"es\",\"@id\":\"https:\/\/buenartevisual.com\/colegiotalavera\/#\/schema\/logo\/image\/\",\"url\":\"https:\/\/buenartevisual.com\/colegiotalavera\/wp-content\/uploads\/2025\/10\/logo-misioneras-talavera.png\",\"contentUrl\":\"https:\/\/buenartevisual.com\/colegiotalavera\/wp-content\/uploads\/2025\/10\/logo-misioneras-talavera.png\",\"width\":447,\"height\":142,\"caption\":\"Colegio Misioneras de la Providencia Talavera de la Reina\"},\"image\":{\"@id\":\"https:\/\/buenartevisual.com\/colegiotalavera\/#\/schema\/logo\/image\/\"}}]}<\/script>\n<!-- \/ Yoast SEO plugin. -->","yoast_head_json":{"title":"Historia - Colegio Misioneras de la Providencia Talavera de la Reina","robots":{"index":"noindex","follow":"follow","max-snippet":"max-snippet:-1","max-image-preview":"max-image-preview:large","max-video-preview":"max-video-preview:-1"},"og_locale":"es_ES","og_type":"article","og_title":"Historia - Colegio Misioneras de la Providencia Talavera de la Reina","og_description":"nuestra historia Un legado de fe y educaci\u00f3n que sigue vivo hoy La historia de nuestro colegio es un camino de fe, esfuerzo y dedicaci\u00f3n a la educaci\u00f3n. Un recorrido que refleja el esp\u00edritu de su fundador y el compromiso de toda una comunidad con la formaci\u00f3n integral de ni\u00f1os y j\u00f3venes. 1950 El fundador [&hellip;]","og_url":"https:\/\/buenartevisual.com\/colegiotalavera\/historia\/","og_site_name":"Colegio Misioneras de la Providencia Talavera de la Reina","article_modified_time":"2025-09-16T09:16:44+00:00","og_image":[{"width":1190,"height":740,"url":"https:\/\/buenartevisual.com\/colegiotalavera\/wp-content\/uploads\/2025\/09\/el-fundador.jpg","type":"image\/jpeg"}],"twitter_card":"summary_large_image","twitter_misc":{"Tiempo de lectura":"2 minutos"},"schema":{"@context":"https:\/\/schema.org","@graph":[{"@type":"WebPage","@id":"https:\/\/buenartevisual.com\/colegiotalavera\/historia\/","url":"https:\/\/buenartevisual.com\/colegiotalavera\/historia\/","name":"Historia - Colegio Misioneras de la Providencia Talavera de la Reina","isPartOf":{"@id":"https:\/\/buenartevisual.com\/colegiotalavera\/#website"},"primaryImageOfPage":{"@id":"https:\/\/buenartevisual.com\/colegiotalavera\/historia\/#primaryimage"},"image":{"@id":"https:\/\/buenartevisual.com\/colegiotalavera\/historia\/#primaryimage"},"thumbnailUrl":"https:\/\/buenartevisual.com\/colegiotalavera\/wp-content\/uploads\/2025\/09\/el-fundador.jpg","datePublished":"2025-09-15T08:55:42+00:00","dateModified":"2025-09-16T09:16:44+00:00","breadcrumb":{"@id":"https:\/\/buenartevisual.com\/colegiotalavera\/historia\/#breadcrumb"},"inLanguage":"es","potentialAction":[{"@type":"ReadAction","target":["https:\/\/buenartevisual.com\/colegiotalavera\/historia\/"]}]},{"@type":"ImageObject","inLanguage":"es","@id":"https:\/\/buenartevisual.com\/colegiotalavera\/historia\/#primaryimage","url":"https:\/\/buenartevisual.com\/colegiotalavera\/wp-content\/uploads\/2025\/09\/el-fundador.jpg","contentUrl":"https:\/\/buenartevisual.com\/colegiotalavera\/wp-content\/uploads\/2025\/09\/el-fundador.jpg","width":1190,"height":740},{"@type":"BreadcrumbList","@id":"https:\/\/buenartevisual.com\/colegiotalavera\/historia\/#breadcrumb","itemListElement":[{"@type":"ListItem","position":1,"name":"Portada","item":"https:\/\/buenartevisual.com\/colegiotalavera\/"},{"@type":"ListItem","position":2,"name":"Historia"}]},{"@type":"WebSite","@id":"https:\/\/buenartevisual.com\/colegiotalavera\/#website","url":"https:\/\/buenartevisual.com\/colegiotalavera\/","name":"Colegio Misioneras de la Providencia Talavera de la Reina","description":"Web del colegio Misioneras de la Providencia de Talavera de la Reina","publisher":{"@id":"https:\/\/buenartevisual.com\/colegiotalavera\/#organization"},"potentialAction":[{"@type":"SearchAction","target":{"@type":"EntryPoint","urlTemplate":"https:\/\/buenartevisual.com\/colegiotalavera\/?s={search_term_string}"},"query-input":{"@type":"PropertyValueSpecification","valueRequired":true,"valueName":"search_term_string"}}],"inLanguage":"es"},{"@type":"Organization","@id":"https:\/\/buenartevisual.com\/colegiotalavera\/#organization","name":"Colegio Misioneras de la Providencia Talavera de la Reina","url":"https:\/\/buenartevisual.com\/colegiotalavera\/","logo":{"@type":"ImageObject","inLanguage":"es","@id":"https:\/\/buenartevisual.com\/colegiotalavera\/#\/schema\/logo\/image\/","url":"https:\/\/buenartevisual.com\/colegiotalavera\/wp-content\/uploads\/2025\/10\/logo-misioneras-talavera.png","contentUrl":"https:\/\/buenartevisual.com\/colegiotalavera\/wp-content\/uploads\/2025\/10\/logo-misioneras-talavera.png","width":447,"height":142,"caption":"Colegio Misioneras de la Providencia Talavera de la Reina"},"image":{"@id":"https:\/\/buenartevisual.com\/colegiotalavera\/#\/schema\/logo\/image\/"}}]}},"_links":{"self":[{"href":"https:\/\/buenartevisual.com\/colegiotalavera\/wp-json\/wp\/v2\/pages\/21261","targetHints":{"allow":["GET"]}}],"collection":[{"href":"https:\/\/buenartevisual.com\/colegiotalavera\/wp-json\/wp\/v2\/pages"}],"about":[{"href":"https:\/\/buenartevisual.com\/colegiotalavera\/wp-json\/wp\/v2\/types\/page"}],"author":[{"embeddable":true,"href":"https:\/\/buenartevisual.com\/colegiotalavera\/wp-json\/wp\/v2\/users\/2"}],"replies":[{"embeddable":true,"href":"https:\/\/buenartevisual.com\/colegiotalavera\/wp-json\/wp\/v2\/comments?post=21261"}],"version-history":[{"count":14,"href":"https:\/\/buenartevisual.com\/colegiotalavera\/wp-json\/wp\/v2\/pages\/21261\/revisions"}],"predecessor-version":[{"id":24520,"href":"https:\/\/buenartevisual.com\/colegiotalavera\/wp-json\/wp\/v2\/pages\/21261\/revisions\/24520"}],"wp:attachment":[{"href":"https:\/\/buenartevisual.com\/colegiotalavera\/wp-json\/wp\/v2\/media?parent=21261"}],"curies":[{"name":"wp","href":"https:\/\/api.w.org\/{rel}","templated":true}]}}